{"id":29487,"date":"2026-09-03T12:09:07","date_gmt":"2026-09-03T09:09:07","guid":{"rendered":"https:\/\/www.karinibutiik.ee\/?post_type=product&#038;p=29487"},"modified":"2026-09-03T12:09:07","modified_gmt":"2026-09-03T09:09:07","slug":"valge-litritega-miniseelik","status":"publish","type":"product","link":"https:\/\/www.karinibutiik.ee\/en\/toode\/valge-litritega-miniseelik\/","title":{"rendered":"Valge litritega miniseelik"},"content":{"rendered":"<p class=\"PDq2pG_selectionAnchorContainer\" data-start=\"68\" data-end=\"263\"><strong data-start=\"68\" data-end=\"98\">Valge litritega miniseelik<\/strong> on efektne valik peole ja erilisteks s\u00fcndmusteks. Seelikut katavad erineva suurusega litrid, mis loovad kauni s\u00e4rava pinna ja muudavad kogu komplekti pilkup\u00fc\u00fcdvaks.<\/p>\n<p data-start=\"265\" data-end=\"488\">Seelik on <strong data-start=\"275\" data-end=\"305\">sirge ja naiseliku l\u00f5ikega<\/strong> ning minipikkus sobib h\u00e4sti nii kontsakingade, saabaste kui ka madalamate jalan\u00f5udega. Hele valge toon koos s\u00e4delevate detailidega muudab seeliku eriti kauniks ka suvisteks pidudeks.<\/p>\n<p data-start=\"490\" data-end=\"589\">Seelikul on <strong data-start=\"502\" data-end=\"516\">lining<\/strong>, t\u00e4nu millele on seda mugavam kanda ning litrid ei j\u00e4\u00e4 otse vastu nahka.<\/p>\n<p data-start=\"591\" data-end=\"694\">Kombineeri lihtsa \u00fchev\u00e4rvilise pluusi v\u00f5i topiga, kui soovid lasta seelikul olla komplekti peategelane.<\/p>\n<h3 data-section-id=\"cyyk9v\" data-start=\"696\" data-end=\"714\">Product features<\/h3>\n<ul data-start=\"716\" data-end=\"847\">\n<li data-section-id=\"x295rv\" data-start=\"716\" data-end=\"740\">sizes <strong data-start=\"727\" data-end=\"740\">S, M and L<\/strong><\/li>\n<li data-section-id=\"7vhei3\" data-start=\"741\" data-end=\"753\">valge toon<\/li>\n<li data-section-id=\"1hd5cwv\" data-start=\"754\" data-end=\"772\">kaetud litritega<\/li>\n<li data-section-id=\"xl7564\" data-start=\"773\" data-end=\"787\">alusvoodriga<\/li>\n<li data-section-id=\"1iygfgw\" data-start=\"788\" data-end=\"801\">sirge l\u00f5ige<\/li>\n<li data-section-id=\"14od32s\" data-start=\"802\" data-end=\"814\">minipikkus<\/li>\n<li data-section-id=\"199ndrb\" data-start=\"815\" data-end=\"847\">efektne peo- ja s\u00fcndmuser\u00f5ivas<\/li>\n<\/ul>","protected":false},"excerpt":{"rendered":"<p>Valge litritega miniseelik on efektne valik peole ja erilisteks s\u00fcndmusteks. Seelikut katavad erineva suurusega litrid, mis loovad kauni s\u00e4rava pinna [&hellip;]<\/p>\n","protected":false},"featured_media":29434,"template":"","meta":{"site-sidebar-layout":"default","site-content-layout":"","ast-site-content-layout":"default","site-content-style":"default","site-sidebar-style":"default","ast-global-header-display":"","ast-banner-title-visibility":"","ast-main-header-display":"","ast-hfb-above-header-display":"","ast-hfb-below-header-display":"","ast-hfb-mobile-header-display":"","site-post-title":"","ast-breadcrumbs-content":"","ast-featured-img":"","footer-sml-layout":"","ast-disable-related-posts":"","theme-transparent-header-meta":"default","adv-header-id-meta":"","stick-header-meta":"default","header-above-stick-meta":"","header-main-stick-meta":"","header-below-stick-meta":"","astra-migrate-meta-layouts":"set","ast-page-background-enabled":"default","ast-page-background-meta":{"desktop":{"background-color":"var(--ast-global-color-4)","background-image":"","background-repeat":"repeat","background-position":"center center","background-size":"auto","background-attachment":"scroll","background-type":"","background-media":"","overlay-type":"","overlay-color":"","overlay-opacity":"","overlay-gradient":""},"tablet":{"background-color":"","background-image":"","background-repeat":"repeat","background-position":"center center","background-size":"auto","background-attachment":"scroll","background-type":"","background-media":"","overlay-type":"","overlay-color":"","overlay-opacity":"","overlay-gradient":""},"mobile":{"background-color":"","background-image":"","background-repeat":"repeat","background-position":"center center","background-size":"auto","background-attachment":"scroll","background-type":"","background-media":"","overlay-type":"","overlay-color":"","overlay-opacity":"","overlay-gradient":""}},"ast-content-background-meta":{"desktop":{"background-color":"var(--ast-global-color-5)","background-image":"","background-repeat":"repeat","background-position":"center center","background-size":"auto","background-attachment":"scroll","background-type":"","background-media":"","overlay-type":"","overlay-color":"","overlay-opacity":"","overlay-gradient":""},"tablet":{"background-color":"var(--ast-global-color-5)","background-image":"","background-repeat":"repeat","background-position":"center center","background-size":"auto","background-attachment":"scroll","background-type":"","background-media":"","overlay-type":"","overlay-color":"","overlay-opacity":"","overlay-gradient":""},"mobile":{"background-color":"var(--ast-global-color-5)","background-image":"","background-repeat":"repeat","background-position":"center center","background-size":"auto","background-attachment":"scroll","background-type":"","background-media":"","overlay-type":"","overlay-color":"","overlay-opacity":"","overlay-gradient":""}}},"product_brand":[],"product_cat":[384,351],"product_tag":[3233,840,3235,2081,1276,3246,2982],"class_list":["post-29487","product","type-product","status-publish","has-post-thumbnail","product_cat-seelikud","product_cat-uued-tooted","product_tag-litritega-miniseelik","product_tag-litterseelik","product_tag-naiste-miniseelik","product_tag-peoseelik","product_tag-pidulik-seelik","product_tag-valge-litritega-seelik","product_tag-valge-miniseelik","desktop-align-center","tablet-align-center","mobile-align-center","ast-product-gallery-layout-horizontal-slider","ast-product-single-variable","ast-product-tabs-layout-horizontal","first","instock","taxable","shipping-taxable","purchasable","product-type-variable"],"supplier_id":null,"supplier_sku":"","barcode":null,"atum_controlled":true,"out_stock_date":null,"out_stock_threshold":null,"inheritable":true,"inbound_stock":null,"stock_on_hold":null,"sold_today":null,"sales_last_days":null,"reserved_stock":null,"customer_returns":null,"warehouse_damage":null,"lost_in_post":null,"other_logs":null,"out_stock_days":null,"lost_sales":null,"has_location":false,"update_date":"2026-09-03T09:09:08","atum_locations":[],"atum_stock_status":"instock","restock_status":false,"low_stock_amount":"","sales_update_date":null,"calc_backorders":null,"yoast_head":"<!-- This site is optimized with the Yoast SEO plugin v28.2 - https:\/\/yoast.com\/product\/yoast-seo-wordpress\/ -->\n<title>Valge litritega miniseelik - Karini Butiik<\/title>\n<meta name=\"description\" content=\"Valge litritega miniseelik alusvoodriga. Efektne s\u00e4rav seelik peole ja erilisteks s\u00fcndmusteks. Saadaval suurustes S, M ja L.\" \/>\n<meta name=\"robots\" content=\"index, follow, max-snippet:-1, max-image-preview:large, max-video-preview:-1\" \/>\n<link rel=\"canonical\" href=\"https:\/\/www.karinibutiik.ee\/en\/product-2\/valge-litritega-miniseelik\/\" \/>\n<meta property=\"og:locale\" content=\"en_GB\" \/>\n<meta property=\"og:type\" content=\"article\" \/>\n<meta property=\"og:title\" content=\"Valge litritega miniseelik - Karini Butiik\" \/>\n<meta property=\"og:description\" content=\"Valge litritega miniseelik alusvoodriga. Efektne s\u00e4rav seelik peole ja erilisteks s\u00fcndmusteks. Saadaval suurustes S, M ja L.\" \/>\n<meta property=\"og:url\" content=\"https:\/\/www.karinibutiik.ee\/en\/product-2\/valge-litritega-miniseelik\/\" \/>\n<meta property=\"og:site_name\" content=\"Karini Butiik\" \/>\n<meta property=\"article:publisher\" content=\"https:\/\/www.facebook.com\/karinibutiik.ee\" \/>\n<meta property=\"og:image\" content=\"https:\/\/www.karinibutiik.ee\/wp-content\/uploads\/2026\/09\/61CDA919-023D-4A48-ACE7-4DFFD0E18EDA-scaled.jpeg\" \/>\n\t<meta property=\"og:image:width\" content=\"1920\" \/>\n\t<meta property=\"og:image:height\" content=\"2560\" \/>\n\t<meta property=\"og:image:type\" content=\"image\/jpeg\" \/>\n<meta name=\"twitter:card\" content=\"summary_large_image\" \/>\n<meta name=\"twitter:label1\" content=\"Availability\" \/>\n\t<meta name=\"twitter:data1\" content=\"In stock\" \/>\n<script type=\"application\/ld+json\" class=\"yoast-schema-graph\">{\"@context\":\"https:\\\/\\\/schema.org\",\"@graph\":[{\"@type\":\"WebPage\",\"@id\":\"https:\\\/\\\/www.karinibutiik.ee\\\/toode\\\/valge-litritega-miniseelik\\\/\",\"url\":\"https:\\\/\\\/www.karinibutiik.ee\\\/toode\\\/valge-litritega-miniseelik\\\/\",\"name\":\"Valge litritega miniseelik - Karini Butiik\",\"isPartOf\":{\"@id\":\"https:\\\/\\\/www.karinibutiik.ee\\\/#website\"},\"primaryImageOfPage\":{\"@id\":\"https:\\\/\\\/www.karinibutiik.ee\\\/toode\\\/valge-litritega-miniseelik\\\/#primaryimage\"},\"image\":{\"@id\":\"https:\\\/\\\/www.karinibutiik.ee\\\/toode\\\/valge-litritega-miniseelik\\\/#primaryimage\"},\"thumbnailUrl\":\"https:\\\/\\\/www.karinibutiik.ee\\\/wp-content\\\/uploads\\\/2026\\\/09\\\/61CDA919-023D-4A48-ACE7-4DFFD0E18EDA-scaled.jpeg\",\"datePublished\":\"2026-09-03T09:09:07+00:00\",\"description\":\"Valge litritega miniseelik alusvoodriga. Efektne s\u00e4rav seelik peole ja erilisteks s\u00fcndmusteks. Saadaval suurustes S, M ja L.\",\"breadcrumb\":{\"@id\":\"https:\\\/\\\/www.karinibutiik.ee\\\/toode\\\/valge-litritega-miniseelik\\\/#breadcrumb\"},\"inLanguage\":\"en-GB\",\"potentialAction\":[{\"@type\":\"ReadAction\",\"target\":[\"https:\\\/\\\/www.karinibutiik.ee\\\/toode\\\/valge-litritega-miniseelik\\\/\"]}]},{\"@type\":\"ImageObject\",\"inLanguage\":\"en-GB\",\"@id\":\"https:\\\/\\\/www.karinibutiik.ee\\\/toode\\\/valge-litritega-miniseelik\\\/#primaryimage\",\"url\":\"https:\\\/\\\/www.karinibutiik.ee\\\/wp-content\\\/uploads\\\/2026\\\/09\\\/61CDA919-023D-4A48-ACE7-4DFFD0E18EDA-scaled.jpeg\",\"contentUrl\":\"https:\\\/\\\/www.karinibutiik.ee\\\/wp-content\\\/uploads\\\/2026\\\/09\\\/61CDA919-023D-4A48-ACE7-4DFFD0E18EDA-scaled.jpeg\",\"width\":1920,\"height\":2560,\"caption\":\"Valge litritega miniseelik naistele\"},{\"@type\":\"BreadcrumbList\",\"@id\":\"https:\\\/\\\/www.karinibutiik.ee\\\/toode\\\/valge-litritega-miniseelik\\\/#breadcrumb\",\"itemListElement\":[{\"@type\":\"ListItem\",\"position\":1,\"name\":\"Home\",\"item\":\"https:\\\/\\\/www.karinibutiik.ee\\\/\"},{\"@type\":\"ListItem\",\"position\":2,\"name\":\"Pood\",\"item\":\"https:\\\/\\\/www.karinibutiik.ee\\\/pood\\\/\"},{\"@type\":\"ListItem\",\"position\":3,\"name\":\"Valge litritega miniseelik\"}]},{\"@type\":\"WebSite\",\"@id\":\"https:\\\/\\\/www.karinibutiik.ee\\\/#website\",\"url\":\"https:\\\/\\\/www.karinibutiik.ee\\\/\",\"name\":\"Karini Butiik\",\"description\":\"\",\"publisher\":{\"@id\":\"https:\\\/\\\/www.karinibutiik.ee\\\/#organization\"},\"potentialAction\":[{\"@type\":\"SearchAction\",\"target\":{\"@type\":\"EntryPoint\",\"urlTemplate\":\"https:\\\/\\\/www.karinibutiik.ee\\\/?s={search_term_string}\"},\"query-input\":{\"@type\":\"PropertyValueSpecification\",\"valueRequired\":true,\"valueName\":\"search_term_string\"}}],\"inLanguage\":\"en-GB\"},{\"@type\":\"Organization\",\"@id\":\"https:\\\/\\\/www.karinibutiik.ee\\\/#organization\",\"name\":\"Karini Butiik\",\"url\":\"https:\\\/\\\/www.karinibutiik.ee\\\/\",\"logo\":{\"@type\":\"ImageObject\",\"inLanguage\":\"en-GB\",\"@id\":\"https:\\\/\\\/www.karinibutiik.ee\\\/#\\\/schema\\\/logo\\\/image\\\/\",\"url\":\"https:\\\/\\\/www.karinibutiik.ee\\\/wp-content\\\/uploads\\\/2024\\\/10\\\/Kuj.-K-koopia-e1729849220884.png\",\"contentUrl\":\"https:\\\/\\\/www.karinibutiik.ee\\\/wp-content\\\/uploads\\\/2024\\\/10\\\/Kuj.-K-koopia-e1729849220884.png\",\"width\":500,\"height\":365,\"caption\":\"Karini Butiik\"},\"image\":{\"@id\":\"https:\\\/\\\/www.karinibutiik.ee\\\/#\\\/schema\\\/logo\\\/image\\\/\"},\"sameAs\":[\"https:\\\/\\\/www.facebook.com\\\/karinibutiik.ee\",\"https:\\\/\\\/www.instagram.com\\\/karinibutiik\"]}]}<\/script>\n<meta property=\"og:availability\" content=\"instock\" \/>\n<meta property=\"product:availability\" content=\"instock\" \/>\n<meta property=\"product:retailer_item_id\" content=\"4986\" \/>\n<meta property=\"product:condition\" content=\"new\" \/>\n<!-- \/ Yoast SEO plugin. -->","yoast_head_json":{"title":"Valge litritega miniseelik - Karini Butiik","description":"Valge litritega miniseelik alusvoodriga. Efektne s\u00e4rav seelik peole ja erilisteks s\u00fcndmusteks. Saadaval suurustes S, M ja L.","robots":{"index":"index","follow":"follow","max-snippet":"max-snippet:-1","max-image-preview":"max-image-preview:large","max-video-preview":"max-video-preview:-1"},"canonical":"https:\/\/www.karinibutiik.ee\/en\/product-2\/valge-litritega-miniseelik\/","og_locale":"en_GB","og_type":"article","og_title":"Valge litritega miniseelik - Karini Butiik","og_description":"Valge litritega miniseelik alusvoodriga. Efektne s\u00e4rav seelik peole ja erilisteks s\u00fcndmusteks. Saadaval suurustes S, M ja L.","og_url":"https:\/\/www.karinibutiik.ee\/en\/product-2\/valge-litritega-miniseelik\/","og_site_name":"Karini Butiik","article_publisher":"https:\/\/www.facebook.com\/karinibutiik.ee","og_image":[{"width":1920,"height":2560,"url":"https:\/\/www.karinibutiik.ee\/wp-content\/uploads\/2026\/09\/61CDA919-023D-4A48-ACE7-4DFFD0E18EDA-scaled.jpeg","type":"image\/jpeg"}],"twitter_card":"summary_large_image","twitter_misc":{"Availability":"In stock"},"schema":{"@context":"https:\/\/schema.org","@graph":[{"@type":"WebPage","@id":"https:\/\/www.karinibutiik.ee\/toode\/valge-litritega-miniseelik\/","url":"https:\/\/www.karinibutiik.ee\/toode\/valge-litritega-miniseelik\/","name":"Valge litritega miniseelik - Karini Butiik","isPartOf":{"@id":"https:\/\/www.karinibutiik.ee\/#website"},"primaryImageOfPage":{"@id":"https:\/\/www.karinibutiik.ee\/toode\/valge-litritega-miniseelik\/#primaryimage"},"image":{"@id":"https:\/\/www.karinibutiik.ee\/toode\/valge-litritega-miniseelik\/#primaryimage"},"thumbnailUrl":"https:\/\/www.karinibutiik.ee\/wp-content\/uploads\/2026\/09\/61CDA919-023D-4A48-ACE7-4DFFD0E18EDA-scaled.jpeg","datePublished":"2026-09-03T09:09:07+00:00","description":"Valge litritega miniseelik alusvoodriga. Efektne s\u00e4rav seelik peole ja erilisteks s\u00fcndmusteks. Saadaval suurustes S, M ja L.","breadcrumb":{"@id":"https:\/\/www.karinibutiik.ee\/toode\/valge-litritega-miniseelik\/#breadcrumb"},"inLanguage":"en-GB","potentialAction":[{"@type":"ReadAction","target":["https:\/\/www.karinibutiik.ee\/toode\/valge-litritega-miniseelik\/"]}]},{"@type":"ImageObject","inLanguage":"en-GB","@id":"https:\/\/www.karinibutiik.ee\/toode\/valge-litritega-miniseelik\/#primaryimage","url":"https:\/\/www.karinibutiik.ee\/wp-content\/uploads\/2026\/09\/61CDA919-023D-4A48-ACE7-4DFFD0E18EDA-scaled.jpeg","contentUrl":"https:\/\/www.karinibutiik.ee\/wp-content\/uploads\/2026\/09\/61CDA919-023D-4A48-ACE7-4DFFD0E18EDA-scaled.jpeg","width":1920,"height":2560,"caption":"Valge litritega miniseelik naistele"},{"@type":"BreadcrumbList","@id":"https:\/\/www.karinibutiik.ee\/toode\/valge-litritega-miniseelik\/#breadcrumb","itemListElement":[{"@type":"ListItem","position":1,"name":"Home","item":"https:\/\/www.karinibutiik.ee\/"},{"@type":"ListItem","position":2,"name":"Pood","item":"https:\/\/www.karinibutiik.ee\/pood\/"},{"@type":"ListItem","position":3,"name":"Valge litritega miniseelik"}]},{"@type":"WebSite","@id":"https:\/\/www.karinibutiik.ee\/#website","url":"https:\/\/www.karinibutiik.ee\/","name":"Karini Butiik","description":"","publisher":{"@id":"https:\/\/www.karinibutiik.ee\/#organization"},"potentialAction":[{"@type":"SearchAction","target":{"@type":"EntryPoint","urlTemplate":"https:\/\/www.karinibutiik.ee\/?s={search_term_string}"},"query-input":{"@type":"PropertyValueSpecification","valueRequired":true,"valueName":"search_term_string"}}],"inLanguage":"en-GB"},{"@type":"Organization","@id":"https:\/\/www.karinibutiik.ee\/#organization","name":"Karini Butiik","url":"https:\/\/www.karinibutiik.ee\/","logo":{"@type":"ImageObject","inLanguage":"en-GB","@id":"https:\/\/www.karinibutiik.ee\/#\/schema\/logo\/image\/","url":"https:\/\/www.karinibutiik.ee\/wp-content\/uploads\/2024\/10\/Kuj.-K-koopia-e1729849220884.png","contentUrl":"https:\/\/www.karinibutiik.ee\/wp-content\/uploads\/2024\/10\/Kuj.-K-koopia-e1729849220884.png","width":500,"height":365,"caption":"Karini Butiik"},"image":{"@id":"https:\/\/www.karinibutiik.ee\/#\/schema\/logo\/image\/"},"sameAs":["https:\/\/www.facebook.com\/karinibutiik.ee","https:\/\/www.instagram.com\/karinibutiik"]}]},"og_availability":"instock","product_availability":"instock","product_retailer_item_id":"4986","product_condition":"new"},"_links":{"self":[{"href":"https:\/\/www.karinibutiik.ee\/en\/wp-json\/wp\/v2\/product\/29487","targetHints":{"allow":["GET"]}}],"collection":[{"href":"https:\/\/www.karinibutiik.ee\/en\/wp-json\/wp\/v2\/product"}],"about":[{"href":"https:\/\/www.karinibutiik.ee\/en\/wp-json\/wp\/v2\/types\/product"}],"version-history":[{"count":1,"href":"https:\/\/www.karinibutiik.ee\/en\/wp-json\/wp\/v2\/product\/29487\/revisions"}],"predecessor-version":[{"id":29491,"href":"https:\/\/www.karinibutiik.ee\/en\/wp-json\/wp\/v2\/product\/29487\/revisions\/29491"}],"wp:featuredmedia":[{"embeddable":true,"href":"https:\/\/www.karinibutiik.ee\/en\/wp-json\/wp\/v2\/media\/29434"}],"wp:attachment":[{"href":"https:\/\/www.karinibutiik.ee\/en\/wp-json\/wp\/v2\/media?parent=29487"}],"wp:term":[{"taxonomy":"product_brand","embeddable":true,"href":"https:\/\/www.karinibutiik.ee\/en\/wp-json\/wp\/v2\/product_brand?post=29487"},{"taxonomy":"product_cat","embeddable":true,"href":"https:\/\/www.karinibutiik.ee\/en\/wp-json\/wp\/v2\/product_cat?post=29487"},{"taxonomy":"product_tag","embeddable":true,"href":"https:\/\/www.karinibutiik.ee\/en\/wp-json\/wp\/v2\/product_tag?post=29487"}],"curies":[{"name":"wp","href":"https:\/\/api.w.org\/{rel}","templated":true}]}}