{"id":28800,"date":"2026-07-28T17:57:52","date_gmt":"2026-07-28T14:57:52","guid":{"rendered":"https:\/\/www.karinibutiik.ee\/?post_type=product&#038;p=28800"},"modified":"2026-08-10T15:45:13","modified_gmt":"2026-08-10T12:45:13","slug":"vabalt-langevad-laia-loikega-puksid","status":"publish","type":"product","link":"https:\/\/www.karinibutiik.ee\/lt\/toode\/vabalt-langevad-laia-loikega-puksid\/","title":{"rendered":"Laisvai krentantys pla\u010diakirpiai keln\u0117s"},"content":{"rendered":"<p data-start=\"41\" data-end=\"264\">Elegantsed laia l\u00f5ikega p\u00fcksid on valmistatud vabalt langevast kangast, mis loob kauni ja naiseliku silueti. V\u00e4ga mugav mudel sobib suurep\u00e4raselt nii t\u00f6\u00f6p\u00e4evaks, pidulikumaks s\u00fcndmuseks kui ka stiilseks vabaaja komplektiks.<\/p>\n<p data-start=\"266\" data-end=\"411\">P\u00fckstel on praktilised k\u00fcljetaskud ja v\u00f6\u00f6aasad. Tervikliku toon-toonis komplekti saad luua samast kangast pikema vestiga, mis on tellitav eraldi.<\/p>\n<ul data-start=\"413\" data-end=\"618\">\n<li data-section-id=\"1q1wb4q\" data-start=\"413\" data-end=\"456\">V\u00e4rvivalik: must, helesinine ja heleroosa<\/li>\n<li data-section-id=\"5xi6ee\" data-start=\"457\" data-end=\"476\">Dyd\u017eiai: S, M, L<\/li>\n<li data-section-id=\"bpo2de\" data-start=\"477\" data-end=\"499\">Vabalt langev kangas<\/li>\n<li data-section-id=\"1j8bnd\" data-start=\"500\" data-end=\"525\">Lai ja mugav s\u00e4\u00e4rel\u00f5ige<\/li>\n<li data-section-id=\"1ooco4g\" data-start=\"526\" data-end=\"539\">\u0160onin\u0117s ki\u0161en\u0117s<\/li>\n<li data-section-id=\"hin4ug\" data-start=\"540\" data-end=\"550\">V\u00f6\u00f6aasad<\/li>\n<li data-section-id=\"vvd5o\" data-start=\"551\" data-end=\"580\">S-suuruse \u00fcldpikkus: 106 cm<\/li>\n<li data-section-id=\"zx3j62\" data-start=\"581\" data-end=\"618\">Sobiv pikem vest on tellitav eraldi<\/li>\n<\/ul>","protected":false},"excerpt":{"rendered":"<p>Elegantsed laia l\u00f5ikega p\u00fcksid on valmistatud vabalt langevast kangast, mis loob kauni ja naiseliku silueti. V\u00e4ga mugav mudel sobib suurep\u00e4raselt [&hellip;]<\/p>\n","protected":false},"featured_media":28795,"template":"","meta":{"site-sidebar-layout":"default","site-content-layout":"","ast-site-content-layout":"default","site-content-style":"default","site-sidebar-style":"default","ast-global-header-display":"","ast-banner-title-visibility":"","ast-main-header-display":"","ast-hfb-above-header-display":"","ast-hfb-below-header-display":"","ast-hfb-mobile-header-display":"","site-post-title":"","ast-breadcrumbs-content":"","ast-featured-img":"","footer-sml-layout":"","ast-disable-related-posts":"","theme-transparent-header-meta":"default","adv-header-id-meta":"","stick-header-meta":"default","header-above-stick-meta":"","header-main-stick-meta":"","header-below-stick-meta":"","astra-migrate-meta-layouts":"set","ast-page-background-enabled":"default","ast-page-background-meta":{"desktop":{"background-color":"var(--ast-global-color-4)","background-image":"","background-repeat":"repeat","background-position":"center center","background-size":"auto","background-attachment":"scroll","background-type":"","background-media":"","overlay-type":"","overlay-color":"","overlay-opacity":"","overlay-gradient":""},"tablet":{"background-color":"","background-image":"","background-repeat":"repeat","background-position":"center center","background-size":"auto","background-attachment":"scroll","background-type":"","background-media":"","overlay-type":"","overlay-color":"","overlay-opacity":"","overlay-gradient":""},"mobile":{"background-color":"","background-image":"","background-repeat":"repeat","background-position":"center center","background-size":"auto","background-attachment":"scroll","background-type":"","background-media":"","overlay-type":"","overlay-color":"","overlay-opacity":"","overlay-gradient":""}},"ast-content-background-meta":{"desktop":{"background-color":"var(--ast-global-color-5)","background-image":"","background-repeat":"repeat","background-position":"center center","background-size":"auto","background-attachment":"scroll","background-type":"","background-media":"","overlay-type":"","overlay-color":"","overlay-opacity":"","overlay-gradient":""},"tablet":{"background-color":"var(--ast-global-color-5)","background-image":"","background-repeat":"repeat","background-position":"center center","background-size":"auto","background-attachment":"scroll","background-type":"","background-media":"","overlay-type":"","overlay-color":"","overlay-opacity":"","overlay-gradient":""},"mobile":{"background-color":"var(--ast-global-color-5)","background-image":"","background-repeat":"repeat","background-position":"center center","background-size":"auto","background-attachment":"scroll","background-type":"","background-media":"","overlay-type":"","overlay-color":"","overlay-opacity":"","overlay-gradient":""}}},"product_brand":[],"product_cat":[354,356,351],"product_tag":[1379,1375,594,501,1553,3084,1077,518,866,3085,736,3082,1376],"class_list":["post-28800","product","type-product","status-publish","has-post-thumbnail","product_cat-puksid-seelikud","product_cat-tekstiilpuksid","product_cat-uued-tooted","product_tag-elegantsed-puksid","product_tag-heleroosad-puksid","product_tag-helesinised-puksid","product_tag-karini-butiik","product_tag-kontoripuksid","product_tag-laia-loikega-puksid","product_tag-mugavad-puksid","product_tag-mustad-puksid","product_tag-naiste-puksid","product_tag-naiste-ulikonnapuksid","product_tag-pidulikud-puksid","product_tag-toon-toonis-komplekt","product_tag-vabalt-langevad-puksid","desktop-align-center","tablet-align-center","mobile-align-center","ast-product-gallery-layout-horizontal-slider","ast-product-single-variable","ast-product-tabs-layout-horizontal","first","instock","taxable","shipping-taxable","purchasable","product-type-variable"],"supplier_id":null,"supplier_sku":"","barcode":null,"atum_controlled":true,"out_stock_date":null,"out_stock_threshold":null,"inheritable":true,"inbound_stock":null,"stock_on_hold":0,"sold_today":null,"sales_last_days":null,"reserved_stock":0,"customer_returns":null,"warehouse_damage":0,"lost_in_post":null,"other_logs":0,"out_stock_days":null,"lost_sales":null,"has_location":false,"update_date":"2026-07-29T07:26:37","atum_locations":[],"atum_stock_status":"instock","restock_status":false,"low_stock_amount":"","sales_update_date":null,"calc_backorders":null,"yoast_head":"<!-- This site is optimized with the Yoast SEO plugin v28.2 - https:\/\/yoast.com\/product\/yoast-seo-wordpress\/ -->\n<title>Vabalt langevad laia l\u00f5ikega p\u00fcksid - Karini Butiik<\/title>\n<meta name=\"description\" content=\"Elegantsed ja v\u00e4ga mugavad naiste laia l\u00f5ikega p\u00fcksid vabalt langevast kangast. Saadaval suurustes S\u2013L ning mustas, helesinises ja heleroosas toonis.\" \/>\n<meta name=\"robots\" content=\"index, follow, max-snippet:-1, max-image-preview:large, max-video-preview:-1\" \/>\n<link rel=\"canonical\" href=\"https:\/\/www.karinibutiik.ee\/lt\/produktas\/vabalt-langevad-laia-loikega-puksid\/\" \/>\n<meta property=\"og:locale\" content=\"lt_LT\" \/>\n<meta property=\"og:type\" content=\"article\" \/>\n<meta property=\"og:title\" content=\"Vabalt langevad laia l\u00f5ikega p\u00fcksid - Karini Butiik\" \/>\n<meta property=\"og:description\" content=\"Elegantsed ja v\u00e4ga mugavad naiste laia l\u00f5ikega p\u00fcksid vabalt langevast kangast. Saadaval suurustes S\u2013L ning mustas, helesinises ja heleroosas toonis.\" \/>\n<meta property=\"og:url\" content=\"https:\/\/www.karinibutiik.ee\/lt\/produktas\/vabalt-langevad-laia-loikega-puksid\/\" \/>\n<meta property=\"og:site_name\" content=\"Karini Butiik\" \/>\n<meta property=\"article:publisher\" content=\"https:\/\/www.facebook.com\/karinibutiik.ee\" \/>\n<meta property=\"article:modified_time\" content=\"2026-08-10T12:45:13+00:00\" \/>\n<meta property=\"og:image\" content=\"https:\/\/www.karinibutiik.ee\/wp-content\/uploads\/2026\/07\/260726_Karini_Butiik_Erlend_Staub_15-1-scaled-e1785249794236.jpg\" \/>\n\t<meta property=\"og:image:width\" content=\"1850\" \/>\n\t<meta property=\"og:image:height\" content=\"2360\" \/>\n\t<meta property=\"og:image:type\" content=\"image\/jpeg\" \/>\n<meta name=\"twitter:card\" content=\"summary_large_image\" \/>\n<meta name=\"twitter:label1\" content=\"Availability\" \/>\n\t<meta name=\"twitter:data1\" content=\"In stock\" \/>\n<script type=\"application\/ld+json\" class=\"yoast-schema-graph\">{\"@context\":\"https:\\\/\\\/schema.org\",\"@graph\":[{\"@type\":\"WebPage\",\"@id\":\"https:\\\/\\\/www.karinibutiik.ee\\\/toode\\\/vabalt-langevad-laia-loikega-puksid\\\/\",\"url\":\"https:\\\/\\\/www.karinibutiik.ee\\\/toode\\\/vabalt-langevad-laia-loikega-puksid\\\/\",\"name\":\"Vabalt langevad laia l\u00f5ikega p\u00fcksid - Karini Butiik\",\"isPartOf\":{\"@id\":\"https:\\\/\\\/www.karinibutiik.ee\\\/#website\"},\"primaryImageOfPage\":{\"@id\":\"https:\\\/\\\/www.karinibutiik.ee\\\/toode\\\/vabalt-langevad-laia-loikega-puksid\\\/#primaryimage\"},\"image\":{\"@id\":\"https:\\\/\\\/www.karinibutiik.ee\\\/toode\\\/vabalt-langevad-laia-loikega-puksid\\\/#primaryimage\"},\"thumbnailUrl\":\"https:\\\/\\\/www.karinibutiik.ee\\\/wp-content\\\/uploads\\\/2026\\\/07\\\/260726_Karini_Butiik_Erlend_Staub_15-1-scaled-e1785249794236.jpg\",\"datePublished\":\"2026-07-28T14:57:52+00:00\",\"dateModified\":\"2026-08-10T12:45:13+00:00\",\"description\":\"Elegantsed ja v\u00e4ga mugavad naiste laia l\u00f5ikega p\u00fcksid vabalt langevast kangast. Saadaval suurustes S\u2013L ning mustas, helesinises ja heleroosas toonis.\",\"breadcrumb\":{\"@id\":\"https:\\\/\\\/www.karinibutiik.ee\\\/toode\\\/vabalt-langevad-laia-loikega-puksid\\\/#breadcrumb\"},\"inLanguage\":\"lt-LT\",\"potentialAction\":[{\"@type\":\"ReadAction\",\"target\":[\"https:\\\/\\\/www.karinibutiik.ee\\\/toode\\\/vabalt-langevad-laia-loikega-puksid\\\/\"]}]},{\"@type\":\"ImageObject\",\"inLanguage\":\"lt-LT\",\"@id\":\"https:\\\/\\\/www.karinibutiik.ee\\\/toode\\\/vabalt-langevad-laia-loikega-puksid\\\/#primaryimage\",\"url\":\"https:\\\/\\\/www.karinibutiik.ee\\\/wp-content\\\/uploads\\\/2026\\\/07\\\/260726_Karini_Butiik_Erlend_Staub_15-1-scaled-e1785249794236.jpg\",\"contentUrl\":\"https:\\\/\\\/www.karinibutiik.ee\\\/wp-content\\\/uploads\\\/2026\\\/07\\\/260726_Karini_Butiik_Erlend_Staub_15-1-scaled-e1785249794236.jpg\",\"width\":1850,\"height\":2360,\"caption\":\"Vabalt langevad naiste laia l\u00f5ikega p\u00fcksid mustas, helesinises ja heleroosas toonis\"},{\"@type\":\"BreadcrumbList\",\"@id\":\"https:\\\/\\\/www.karinibutiik.ee\\\/toode\\\/vabalt-langevad-laia-loikega-puksid\\\/#breadcrumb\",\"itemListElement\":[{\"@type\":\"ListItem\",\"position\":1,\"name\":\"Home\",\"item\":\"https:\\\/\\\/www.karinibutiik.ee\\\/\"},{\"@type\":\"ListItem\",\"position\":2,\"name\":\"Pood\",\"item\":\"https:\\\/\\\/www.karinibutiik.ee\\\/pood\\\/\"},{\"@type\":\"ListItem\",\"position\":3,\"name\":\"Vabalt langevad laia l\u00f5ikega p\u00fcksid\"}]},{\"@type\":\"WebSite\",\"@id\":\"https:\\\/\\\/www.karinibutiik.ee\\\/#website\",\"url\":\"https:\\\/\\\/www.karinibutiik.ee\\\/\",\"name\":\"Karini Butiik\",\"description\":\"\",\"publisher\":{\"@id\":\"https:\\\/\\\/www.karinibutiik.ee\\\/#organization\"},\"potentialAction\":[{\"@type\":\"SearchAction\",\"target\":{\"@type\":\"EntryPoint\",\"urlTemplate\":\"https:\\\/\\\/www.karinibutiik.ee\\\/?s={search_term_string}\"},\"query-input\":{\"@type\":\"PropertyValueSpecification\",\"valueRequired\":true,\"valueName\":\"search_term_string\"}}],\"inLanguage\":\"lt-LT\"},{\"@type\":\"Organization\",\"@id\":\"https:\\\/\\\/www.karinibutiik.ee\\\/#organization\",\"name\":\"Karini Butiik\",\"url\":\"https:\\\/\\\/www.karinibutiik.ee\\\/\",\"logo\":{\"@type\":\"ImageObject\",\"inLanguage\":\"lt-LT\",\"@id\":\"https:\\\/\\\/www.karinibutiik.ee\\\/#\\\/schema\\\/logo\\\/image\\\/\",\"url\":\"https:\\\/\\\/www.karinibutiik.ee\\\/wp-content\\\/uploads\\\/2024\\\/10\\\/Kuj.-K-koopia-e1729849220884.png\",\"contentUrl\":\"https:\\\/\\\/www.karinibutiik.ee\\\/wp-content\\\/uploads\\\/2024\\\/10\\\/Kuj.-K-koopia-e1729849220884.png\",\"width\":500,\"height\":365,\"caption\":\"Karini Butiik\"},\"image\":{\"@id\":\"https:\\\/\\\/www.karinibutiik.ee\\\/#\\\/schema\\\/logo\\\/image\\\/\"},\"sameAs\":[\"https:\\\/\\\/www.facebook.com\\\/karinibutiik.ee\",\"https:\\\/\\\/www.instagram.com\\\/karinibutiik\"]}]}<\/script>\n<meta property=\"og:availability\" content=\"instock\" \/>\n<meta property=\"product:availability\" content=\"instock\" \/>\n<meta property=\"product:retailer_item_id\" content=\"3155\" \/>\n<meta property=\"product:condition\" content=\"new\" \/>\n<!-- \/ Yoast SEO plugin. -->","yoast_head_json":{"title":"Vabalt langevad laia l\u00f5ikega p\u00fcksid - Karini Butiik","description":"Elegantsed ja v\u00e4ga mugavad naiste laia l\u00f5ikega p\u00fcksid vabalt langevast kangast. Saadaval suurustes S\u2013L ning mustas, helesinises ja heleroosas toonis.","robots":{"index":"index","follow":"follow","max-snippet":"max-snippet:-1","max-image-preview":"max-image-preview:large","max-video-preview":"max-video-preview:-1"},"canonical":"https:\/\/www.karinibutiik.ee\/lt\/produktas\/vabalt-langevad-laia-loikega-puksid\/","og_locale":"lt_LT","og_type":"article","og_title":"Vabalt langevad laia l\u00f5ikega p\u00fcksid - Karini Butiik","og_description":"Elegantsed ja v\u00e4ga mugavad naiste laia l\u00f5ikega p\u00fcksid vabalt langevast kangast. Saadaval suurustes S\u2013L ning mustas, helesinises ja heleroosas toonis.","og_url":"https:\/\/www.karinibutiik.ee\/lt\/produktas\/vabalt-langevad-laia-loikega-puksid\/","og_site_name":"Karini Butiik","article_publisher":"https:\/\/www.facebook.com\/karinibutiik.ee","article_modified_time":"2026-08-10T12:45:13+00:00","og_image":[{"width":1850,"height":2360,"url":"https:\/\/www.karinibutiik.ee\/wp-content\/uploads\/2026\/07\/260726_Karini_Butiik_Erlend_Staub_15-1-scaled-e1785249794236.jpg","type":"image\/jpeg"}],"twitter_card":"summary_large_image","twitter_misc":{"Availability":"In stock"},"schema":{"@context":"https:\/\/schema.org","@graph":[{"@type":"WebPage","@id":"https:\/\/www.karinibutiik.ee\/toode\/vabalt-langevad-laia-loikega-puksid\/","url":"https:\/\/www.karinibutiik.ee\/toode\/vabalt-langevad-laia-loikega-puksid\/","name":"Vabalt langevad laia l\u00f5ikega p\u00fcksid - Karini Butiik","isPartOf":{"@id":"https:\/\/www.karinibutiik.ee\/#website"},"primaryImageOfPage":{"@id":"https:\/\/www.karinibutiik.ee\/toode\/vabalt-langevad-laia-loikega-puksid\/#primaryimage"},"image":{"@id":"https:\/\/www.karinibutiik.ee\/toode\/vabalt-langevad-laia-loikega-puksid\/#primaryimage"},"thumbnailUrl":"https:\/\/www.karinibutiik.ee\/wp-content\/uploads\/2026\/07\/260726_Karini_Butiik_Erlend_Staub_15-1-scaled-e1785249794236.jpg","datePublished":"2026-07-28T14:57:52+00:00","dateModified":"2026-08-10T12:45:13+00:00","description":"Elegantsed ja v\u00e4ga mugavad naiste laia l\u00f5ikega p\u00fcksid vabalt langevast kangast. Saadaval suurustes S\u2013L ning mustas, helesinises ja heleroosas toonis.","breadcrumb":{"@id":"https:\/\/www.karinibutiik.ee\/toode\/vabalt-langevad-laia-loikega-puksid\/#breadcrumb"},"inLanguage":"lt-LT","potentialAction":[{"@type":"ReadAction","target":["https:\/\/www.karinibutiik.ee\/toode\/vabalt-langevad-laia-loikega-puksid\/"]}]},{"@type":"ImageObject","inLanguage":"lt-LT","@id":"https:\/\/www.karinibutiik.ee\/toode\/vabalt-langevad-laia-loikega-puksid\/#primaryimage","url":"https:\/\/www.karinibutiik.ee\/wp-content\/uploads\/2026\/07\/260726_Karini_Butiik_Erlend_Staub_15-1-scaled-e1785249794236.jpg","contentUrl":"https:\/\/www.karinibutiik.ee\/wp-content\/uploads\/2026\/07\/260726_Karini_Butiik_Erlend_Staub_15-1-scaled-e1785249794236.jpg","width":1850,"height":2360,"caption":"Vabalt langevad naiste laia l\u00f5ikega p\u00fcksid mustas, helesinises ja heleroosas toonis"},{"@type":"BreadcrumbList","@id":"https:\/\/www.karinibutiik.ee\/toode\/vabalt-langevad-laia-loikega-puksid\/#breadcrumb","itemListElement":[{"@type":"ListItem","position":1,"name":"Home","item":"https:\/\/www.karinibutiik.ee\/"},{"@type":"ListItem","position":2,"name":"Pood","item":"https:\/\/www.karinibutiik.ee\/pood\/"},{"@type":"ListItem","position":3,"name":"Vabalt langevad laia l\u00f5ikega p\u00fcksid"}]},{"@type":"WebSite","@id":"https:\/\/www.karinibutiik.ee\/#website","url":"https:\/\/www.karinibutiik.ee\/","name":"Karini Butiik","description":"","publisher":{"@id":"https:\/\/www.karinibutiik.ee\/#organization"},"potentialAction":[{"@type":"SearchAction","target":{"@type":"EntryPoint","urlTemplate":"https:\/\/www.karinibutiik.ee\/?s={search_term_string}"},"query-input":{"@type":"PropertyValueSpecification","valueRequired":true,"valueName":"search_term_string"}}],"inLanguage":"lt-LT"},{"@type":"Organization","@id":"https:\/\/www.karinibutiik.ee\/#organization","name":"Karini Butiik","url":"https:\/\/www.karinibutiik.ee\/","logo":{"@type":"ImageObject","inLanguage":"lt-LT","@id":"https:\/\/www.karinibutiik.ee\/#\/schema\/logo\/image\/","url":"https:\/\/www.karinibutiik.ee\/wp-content\/uploads\/2024\/10\/Kuj.-K-koopia-e1729849220884.png","contentUrl":"https:\/\/www.karinibutiik.ee\/wp-content\/uploads\/2024\/10\/Kuj.-K-koopia-e1729849220884.png","width":500,"height":365,"caption":"Karini Butiik"},"image":{"@id":"https:\/\/www.karinibutiik.ee\/#\/schema\/logo\/image\/"},"sameAs":["https:\/\/www.facebook.com\/karinibutiik.ee","https:\/\/www.instagram.com\/karinibutiik"]}]},"og_availability":"instock","product_availability":"instock","product_retailer_item_id":"3155","product_condition":"new"},"_links":{"self":[{"href":"https:\/\/www.karinibutiik.ee\/lt\/wp-json\/wp\/v2\/product\/28800","targetHints":{"allow":["GET"]}}],"collection":[{"href":"https:\/\/www.karinibutiik.ee\/lt\/wp-json\/wp\/v2\/product"}],"about":[{"href":"https:\/\/www.karinibutiik.ee\/lt\/wp-json\/wp\/v2\/types\/product"}],"version-history":[{"count":1,"href":"https:\/\/www.karinibutiik.ee\/lt\/wp-json\/wp\/v2\/product\/28800\/revisions"}],"predecessor-version":[{"id":28810,"href":"https:\/\/www.karinibutiik.ee\/lt\/wp-json\/wp\/v2\/product\/28800\/revisions\/28810"}],"wp:featuredmedia":[{"embeddable":true,"href":"https:\/\/www.karinibutiik.ee\/lt\/wp-json\/wp\/v2\/media\/28795"}],"wp:attachment":[{"href":"https:\/\/www.karinibutiik.ee\/lt\/wp-json\/wp\/v2\/media?parent=28800"}],"wp:term":[{"taxonomy":"product_brand","embeddable":true,"href":"https:\/\/www.karinibutiik.ee\/lt\/wp-json\/wp\/v2\/product_brand?post=28800"},{"taxonomy":"product_cat","embeddable":true,"href":"https:\/\/www.karinibutiik.ee\/lt\/wp-json\/wp\/v2\/product_cat?post=28800"},{"taxonomy":"product_tag","embeddable":true,"href":"https:\/\/www.karinibutiik.ee\/lt\/wp-json\/wp\/v2\/product_tag?post=28800"}],"curies":[{"name":"wp","href":"https:\/\/api.w.org\/{rel}","templated":true}]}}