{"id":29102,"date":"2026-08-22T11:49:47","date_gmt":"2026-08-22T08:49:47","guid":{"rendered":"https:\/\/www.karinibutiik.ee\/?post_type=product&#038;p=29102"},"modified":"2026-08-22T11:49:48","modified_gmt":"2026-08-22T08:49:48","slug":"valged-taskutega-luhikesed-puksid","status":"publish","type":"product","link":"https:\/\/www.karinibutiik.ee\/lt\/toode\/valged-taskutega-luhikesed-puksid\/","title":{"rendered":"Balti \u0161ortai su ki\u0161en\u0117mis"},"content":{"rendered":"<p class=\"PDq2pG_selectionAnchorContainer\" data-start=\"43\" data-end=\"256\">Klassikalised valged taskutega naiste l\u00fchikesed p\u00fcksid on stiilne ja mitmek\u00fclgne valik soojadeks p\u00e4evadeks. Puhas l\u00f5ige ja ajatu valge toon muudavad need h\u00f5lpsasti kombineeritavaks nii pluusi, s\u00e4rgi, topi kui ka pintsakuga.<\/p>\n<p data-start=\"258\" data-end=\"385\">Praktilised taskud lisavad mugavust ning elegantne disain sobib nii igap\u00e4evaseks kandmiseks kui ka pidulikumasse suvekomplekti.<\/p>\n<ul data-start=\"387\" data-end=\"480\">\n<li data-section-id=\"1uknryz\" data-start=\"387\" data-end=\"402\">V\u00e4rvus: valge<\/li>\n<li data-section-id=\"5xi6ee\" data-start=\"403\" data-end=\"422\">Dyd\u017eiai: S, M, L<\/li>\n<li data-section-id=\"ngb83v\" data-start=\"423\" data-end=\"443\">Materjal: tekstiil<\/li>\n<li data-section-id=\"1kr03pj\" data-start=\"444\" data-end=\"455\">Taskutega<\/li>\n<li data-section-id=\"1yh8urq\" data-start=\"456\" data-end=\"480\">V\u00f6\u00f6 ei kuulu komplekti<\/li>\n<\/ul>","protected":false},"excerpt":{"rendered":"<p>Klassikalised valged taskutega naiste l\u00fchikesed p\u00fcksid on stiilne ja mitmek\u00fclgne valik soojadeks p\u00e4evadeks. Puhas l\u00f5ige ja ajatu valge toon muudavad [&hellip;]<\/p>\n","protected":false},"featured_media":29100,"template":"","meta":{"site-sidebar-layout":"default","site-content-layout":"","ast-site-content-layout":"default","site-content-style":"default","site-sidebar-style":"default","ast-global-header-display":"","ast-banner-title-visibility":"","ast-main-header-display":"","ast-hfb-above-header-display":"","ast-hfb-below-header-display":"","ast-hfb-mobile-header-display":"","site-post-title":"","ast-breadcrumbs-content":"","ast-featured-img":"","footer-sml-layout":"","ast-disable-related-posts":"","theme-transparent-header-meta":"default","adv-header-id-meta":"","stick-header-meta":"default","header-above-stick-meta":"","header-main-stick-meta":"","header-below-stick-meta":"","astra-migrate-meta-layouts":"set","ast-page-background-enabled":"default","ast-page-background-meta":{"desktop":{"background-color":"var(--ast-global-color-4)","background-image":"","background-repeat":"repeat","background-position":"center center","background-size":"auto","background-attachment":"scroll","background-type":"","background-media":"","overlay-type":"","overlay-color":"","overlay-opacity":"","overlay-gradient":""},"tablet":{"background-color":"","background-image":"","background-repeat":"repeat","background-position":"center center","background-size":"auto","background-attachment":"scroll","background-type":"","background-media":"","overlay-type":"","overlay-color":"","overlay-opacity":"","overlay-gradient":""},"mobile":{"background-color":"","background-image":"","background-repeat":"repeat","background-position":"center center","background-size":"auto","background-attachment":"scroll","background-type":"","background-media":"","overlay-type":"","overlay-color":"","overlay-opacity":"","overlay-gradient":""}},"ast-content-background-meta":{"desktop":{"background-color":"var(--ast-global-color-5)","background-image":"","background-repeat":"repeat","background-position":"center center","background-size":"auto","background-attachment":"scroll","background-type":"","background-media":"","overlay-type":"","overlay-color":"","overlay-opacity":"","overlay-gradient":""},"tablet":{"background-color":"var(--ast-global-color-5)","background-image":"","background-repeat":"repeat","background-position":"center center","background-size":"auto","background-attachment":"scroll","background-type":"","background-media":"","overlay-type":"","overlay-color":"","overlay-opacity":"","overlay-gradient":""},"mobile":{"background-color":"var(--ast-global-color-5)","background-image":"","background-repeat":"repeat","background-position":"center center","background-size":"auto","background-attachment":"scroll","background-type":"","background-media":"","overlay-type":"","overlay-color":"","overlay-opacity":"","overlay-gradient":""}}},"product_brand":[],"product_cat":[383,351],"product_tag":[501,3106,1285,3075,3148,1286,2343,854,3147,754],"class_list":["post-29102","product","type-product","status-publish","has-post-thumbnail","product_cat-luhikesed-puksid","product_cat-uued-tooted","product_tag-karini-butiik","product_tag-klassikalised-luhikesed-puksid","product_tag-naiste-luhikesed-puksid","product_tag-naisteroivad","product_tag-suvepuksid","product_tag-suveroivad","product_tag-taskutega-puksid","product_tag-tekstiilist-luhikesed-puksid","product_tag-valged-luhikesed-puksid","product_tag-valged-puksid","desktop-align-center","tablet-align-center","mobile-align-center","ast-product-gallery-layout-horizontal-slider","ast-product-single-variable","ast-product-tabs-layout-horizontal","first","instock","taxable","shipping-taxable","purchasable","product-type-variable"],"supplier_id":null,"supplier_sku":"","barcode":null,"atum_controlled":true,"out_stock_date":null,"out_stock_threshold":null,"inheritable":true,"inbound_stock":null,"stock_on_hold":0,"sold_today":null,"sales_last_days":null,"reserved_stock":0,"customer_returns":null,"warehouse_damage":0,"lost_in_post":null,"other_logs":0,"out_stock_days":null,"lost_sales":null,"has_location":false,"update_date":"2026-08-24T07:31:50","atum_locations":[],"atum_stock_status":"instock","restock_status":false,"low_stock_amount":"","sales_update_date":null,"calc_backorders":null,"yoast_head":"<!-- This site is optimized with the Yoast SEO plugin v28.2 - https:\/\/yoast.com\/product\/yoast-seo-wordpress\/ -->\n<title>Valged taskutega l\u00fchikesed p\u00fcksid - Karini Butiik<\/title>\n<meta name=\"description\" content=\"Klassikalised valged naiste l\u00fchikesed p\u00fcksid taskutega. Stiilne ja mitmek\u00fclgne suver\u00f5ivas suurustes S, M ja L. Pildil olev v\u00f6\u00f6 ei kuulu komplekti.\" \/>\n<meta name=\"robots\" content=\"index, follow, max-snippet:-1, max-image-preview:large, max-video-preview:-1\" \/>\n<link rel=\"canonical\" href=\"https:\/\/www.karinibutiik.ee\/lt\/produktas\/valged-taskutega-luhikesed-puksid\/\" \/>\n<meta property=\"og:locale\" content=\"lt_LT\" \/>\n<meta property=\"og:type\" content=\"article\" \/>\n<meta property=\"og:title\" content=\"Valged taskutega l\u00fchikesed p\u00fcksid - Karini Butiik\" \/>\n<meta property=\"og:description\" content=\"Klassikalised valged naiste l\u00fchikesed p\u00fcksid taskutega. Stiilne ja mitmek\u00fclgne suver\u00f5ivas suurustes S, M ja L. Pildil olev v\u00f6\u00f6 ei kuulu komplekti.\" \/>\n<meta property=\"og:url\" content=\"https:\/\/www.karinibutiik.ee\/lt\/produktas\/valged-taskutega-luhikesed-puksid\/\" \/>\n<meta property=\"og:site_name\" content=\"Karini Butiik\" \/>\n<meta property=\"article:publisher\" content=\"https:\/\/www.facebook.com\/karinibutiik.ee\" \/>\n<meta property=\"article:modified_time\" content=\"2026-08-22T08:49:48+00:00\" \/>\n<meta property=\"og:image\" content=\"https:\/\/www.karinibutiik.ee\/wp-content\/uploads\/2026\/08\/D24E633A-4254-457F-A7C8-3FB825E8EA72-scaled-e1787388244930.jpeg\" \/>\n\t<meta property=\"og:image:width\" content=\"1850\" \/>\n\t<meta property=\"og:image:height\" content=\"2360\" \/>\n\t<meta property=\"og:image:type\" content=\"image\/jpeg\" \/>\n<meta name=\"twitter:card\" content=\"summary_large_image\" \/>\n<meta name=\"twitter:label1\" content=\"Availability\" \/>\n\t<meta name=\"twitter:data1\" content=\"In stock\" \/>\n<script type=\"application\/ld+json\" class=\"yoast-schema-graph\">{\"@context\":\"https:\\\/\\\/schema.org\",\"@graph\":[{\"@type\":\"WebPage\",\"@id\":\"https:\\\/\\\/www.karinibutiik.ee\\\/toode\\\/valged-taskutega-luhikesed-puksid\\\/\",\"url\":\"https:\\\/\\\/www.karinibutiik.ee\\\/toode\\\/valged-taskutega-luhikesed-puksid\\\/\",\"name\":\"Valged taskutega l\u00fchikesed p\u00fcksid - Karini Butiik\",\"isPartOf\":{\"@id\":\"https:\\\/\\\/www.karinibutiik.ee\\\/#website\"},\"primaryImageOfPage\":{\"@id\":\"https:\\\/\\\/www.karinibutiik.ee\\\/toode\\\/valged-taskutega-luhikesed-puksid\\\/#primaryimage\"},\"image\":{\"@id\":\"https:\\\/\\\/www.karinibutiik.ee\\\/toode\\\/valged-taskutega-luhikesed-puksid\\\/#primaryimage\"},\"thumbnailUrl\":\"https:\\\/\\\/www.karinibutiik.ee\\\/wp-content\\\/uploads\\\/2026\\\/08\\\/D24E633A-4254-457F-A7C8-3FB825E8EA72-scaled-e1787388244930.jpeg\",\"datePublished\":\"2026-08-22T08:49:47+00:00\",\"dateModified\":\"2026-08-22T08:49:48+00:00\",\"description\":\"Klassikalised valged naiste l\u00fchikesed p\u00fcksid taskutega. Stiilne ja mitmek\u00fclgne suver\u00f5ivas suurustes S, M ja L. Pildil olev v\u00f6\u00f6 ei kuulu komplekti.\",\"breadcrumb\":{\"@id\":\"https:\\\/\\\/www.karinibutiik.ee\\\/toode\\\/valged-taskutega-luhikesed-puksid\\\/#breadcrumb\"},\"inLanguage\":\"lt-LT\",\"potentialAction\":[{\"@type\":\"ReadAction\",\"target\":[\"https:\\\/\\\/www.karinibutiik.ee\\\/toode\\\/valged-taskutega-luhikesed-puksid\\\/\"]}]},{\"@type\":\"ImageObject\",\"inLanguage\":\"lt-LT\",\"@id\":\"https:\\\/\\\/www.karinibutiik.ee\\\/toode\\\/valged-taskutega-luhikesed-puksid\\\/#primaryimage\",\"url\":\"https:\\\/\\\/www.karinibutiik.ee\\\/wp-content\\\/uploads\\\/2026\\\/08\\\/D24E633A-4254-457F-A7C8-3FB825E8EA72-scaled-e1787388244930.jpeg\",\"contentUrl\":\"https:\\\/\\\/www.karinibutiik.ee\\\/wp-content\\\/uploads\\\/2026\\\/08\\\/D24E633A-4254-457F-A7C8-3FB825E8EA72-scaled-e1787388244930.jpeg\",\"width\":1850,\"height\":2360,\"caption\":\"valged klassikalised tekstiilmatejalist l\u00fchikesed p\u00fcksid Karini Butiik\"},{\"@type\":\"BreadcrumbList\",\"@id\":\"https:\\\/\\\/www.karinibutiik.ee\\\/toode\\\/valged-taskutega-luhikesed-puksid\\\/#breadcrumb\",\"itemListElement\":[{\"@type\":\"ListItem\",\"position\":1,\"name\":\"Home\",\"item\":\"https:\\\/\\\/www.karinibutiik.ee\\\/\"},{\"@type\":\"ListItem\",\"position\":2,\"name\":\"Pood\",\"item\":\"https:\\\/\\\/www.karinibutiik.ee\\\/pood\\\/\"},{\"@type\":\"ListItem\",\"position\":3,\"name\":\"Valged taskutega l\u00fchikesed p\u00fcksid\"}]},{\"@type\":\"WebSite\",\"@id\":\"https:\\\/\\\/www.karinibutiik.ee\\\/#website\",\"url\":\"https:\\\/\\\/www.karinibutiik.ee\\\/\",\"name\":\"Karini Butiik\",\"description\":\"\",\"publisher\":{\"@id\":\"https:\\\/\\\/www.karinibutiik.ee\\\/#organization\"},\"potentialAction\":[{\"@type\":\"SearchAction\",\"target\":{\"@type\":\"EntryPoint\",\"urlTemplate\":\"https:\\\/\\\/www.karinibutiik.ee\\\/?s={search_term_string}\"},\"query-input\":{\"@type\":\"PropertyValueSpecification\",\"valueRequired\":true,\"valueName\":\"search_term_string\"}}],\"inLanguage\":\"lt-LT\"},{\"@type\":\"Organization\",\"@id\":\"https:\\\/\\\/www.karinibutiik.ee\\\/#organization\",\"name\":\"Karini Butiik\",\"url\":\"https:\\\/\\\/www.karinibutiik.ee\\\/\",\"logo\":{\"@type\":\"ImageObject\",\"inLanguage\":\"lt-LT\",\"@id\":\"https:\\\/\\\/www.karinibutiik.ee\\\/#\\\/schema\\\/logo\\\/image\\\/\",\"url\":\"https:\\\/\\\/www.karinibutiik.ee\\\/wp-content\\\/uploads\\\/2024\\\/10\\\/Kuj.-K-koopia-e1729849220884.png\",\"contentUrl\":\"https:\\\/\\\/www.karinibutiik.ee\\\/wp-content\\\/uploads\\\/2024\\\/10\\\/Kuj.-K-koopia-e1729849220884.png\",\"width\":500,\"height\":365,\"caption\":\"Karini Butiik\"},\"image\":{\"@id\":\"https:\\\/\\\/www.karinibutiik.ee\\\/#\\\/schema\\\/logo\\\/image\\\/\"},\"sameAs\":[\"https:\\\/\\\/www.facebook.com\\\/karinibutiik.ee\",\"https:\\\/\\\/www.instagram.com\\\/karinibutiik\"]}]}<\/script>\n<meta property=\"og:availability\" content=\"instock\" \/>\n<meta property=\"product:availability\" content=\"instock\" \/>\n<meta property=\"product:retailer_item_id\" content=\"3316\" \/>\n<meta property=\"product:condition\" content=\"new\" \/>\n<!-- \/ Yoast SEO plugin. -->","yoast_head_json":{"title":"Valged taskutega l\u00fchikesed p\u00fcksid - Karini Butiik","description":"Klassikalised valged naiste l\u00fchikesed p\u00fcksid taskutega. Stiilne ja mitmek\u00fclgne suver\u00f5ivas suurustes S, M ja L. Pildil olev v\u00f6\u00f6 ei kuulu komplekti.","robots":{"index":"index","follow":"follow","max-snippet":"max-snippet:-1","max-image-preview":"max-image-preview:large","max-video-preview":"max-video-preview:-1"},"canonical":"https:\/\/www.karinibutiik.ee\/lt\/produktas\/valged-taskutega-luhikesed-puksid\/","og_locale":"lt_LT","og_type":"article","og_title":"Valged taskutega l\u00fchikesed p\u00fcksid - Karini Butiik","og_description":"Klassikalised valged naiste l\u00fchikesed p\u00fcksid taskutega. Stiilne ja mitmek\u00fclgne suver\u00f5ivas suurustes S, M ja L. Pildil olev v\u00f6\u00f6 ei kuulu komplekti.","og_url":"https:\/\/www.karinibutiik.ee\/lt\/produktas\/valged-taskutega-luhikesed-puksid\/","og_site_name":"Karini Butiik","article_publisher":"https:\/\/www.facebook.com\/karinibutiik.ee","article_modified_time":"2026-08-22T08:49:48+00:00","og_image":[{"width":1850,"height":2360,"url":"https:\/\/www.karinibutiik.ee\/wp-content\/uploads\/2026\/08\/D24E633A-4254-457F-A7C8-3FB825E8EA72-scaled-e1787388244930.jpeg","type":"image\/jpeg"}],"twitter_card":"summary_large_image","twitter_misc":{"Availability":"In stock"},"schema":{"@context":"https:\/\/schema.org","@graph":[{"@type":"WebPage","@id":"https:\/\/www.karinibutiik.ee\/toode\/valged-taskutega-luhikesed-puksid\/","url":"https:\/\/www.karinibutiik.ee\/toode\/valged-taskutega-luhikesed-puksid\/","name":"Valged taskutega l\u00fchikesed p\u00fcksid - Karini Butiik","isPartOf":{"@id":"https:\/\/www.karinibutiik.ee\/#website"},"primaryImageOfPage":{"@id":"https:\/\/www.karinibutiik.ee\/toode\/valged-taskutega-luhikesed-puksid\/#primaryimage"},"image":{"@id":"https:\/\/www.karinibutiik.ee\/toode\/valged-taskutega-luhikesed-puksid\/#primaryimage"},"thumbnailUrl":"https:\/\/www.karinibutiik.ee\/wp-content\/uploads\/2026\/08\/D24E633A-4254-457F-A7C8-3FB825E8EA72-scaled-e1787388244930.jpeg","datePublished":"2026-08-22T08:49:47+00:00","dateModified":"2026-08-22T08:49:48+00:00","description":"Klassikalised valged naiste l\u00fchikesed p\u00fcksid taskutega. Stiilne ja mitmek\u00fclgne suver\u00f5ivas suurustes S, M ja L. Pildil olev v\u00f6\u00f6 ei kuulu komplekti.","breadcrumb":{"@id":"https:\/\/www.karinibutiik.ee\/toode\/valged-taskutega-luhikesed-puksid\/#breadcrumb"},"inLanguage":"lt-LT","potentialAction":[{"@type":"ReadAction","target":["https:\/\/www.karinibutiik.ee\/toode\/valged-taskutega-luhikesed-puksid\/"]}]},{"@type":"ImageObject","inLanguage":"lt-LT","@id":"https:\/\/www.karinibutiik.ee\/toode\/valged-taskutega-luhikesed-puksid\/#primaryimage","url":"https:\/\/www.karinibutiik.ee\/wp-content\/uploads\/2026\/08\/D24E633A-4254-457F-A7C8-3FB825E8EA72-scaled-e1787388244930.jpeg","contentUrl":"https:\/\/www.karinibutiik.ee\/wp-content\/uploads\/2026\/08\/D24E633A-4254-457F-A7C8-3FB825E8EA72-scaled-e1787388244930.jpeg","width":1850,"height":2360,"caption":"valged klassikalised tekstiilmatejalist l\u00fchikesed p\u00fcksid Karini Butiik"},{"@type":"BreadcrumbList","@id":"https:\/\/www.karinibutiik.ee\/toode\/valged-taskutega-luhikesed-puksid\/#breadcrumb","itemListElement":[{"@type":"ListItem","position":1,"name":"Home","item":"https:\/\/www.karinibutiik.ee\/"},{"@type":"ListItem","position":2,"name":"Pood","item":"https:\/\/www.karinibutiik.ee\/pood\/"},{"@type":"ListItem","position":3,"name":"Valged taskutega l\u00fchikesed p\u00fcksid"}]},{"@type":"WebSite","@id":"https:\/\/www.karinibutiik.ee\/#website","url":"https:\/\/www.karinibutiik.ee\/","name":"Karini Butiik","description":"","publisher":{"@id":"https:\/\/www.karinibutiik.ee\/#organization"},"potentialAction":[{"@type":"SearchAction","target":{"@type":"EntryPoint","urlTemplate":"https:\/\/www.karinibutiik.ee\/?s={search_term_string}"},"query-input":{"@type":"PropertyValueSpecification","valueRequired":true,"valueName":"search_term_string"}}],"inLanguage":"lt-LT"},{"@type":"Organization","@id":"https:\/\/www.karinibutiik.ee\/#organization","name":"Karini Butiik","url":"https:\/\/www.karinibutiik.ee\/","logo":{"@type":"ImageObject","inLanguage":"lt-LT","@id":"https:\/\/www.karinibutiik.ee\/#\/schema\/logo\/image\/","url":"https:\/\/www.karinibutiik.ee\/wp-content\/uploads\/2024\/10\/Kuj.-K-koopia-e1729849220884.png","contentUrl":"https:\/\/www.karinibutiik.ee\/wp-content\/uploads\/2024\/10\/Kuj.-K-koopia-e1729849220884.png","width":500,"height":365,"caption":"Karini Butiik"},"image":{"@id":"https:\/\/www.karinibutiik.ee\/#\/schema\/logo\/image\/"},"sameAs":["https:\/\/www.facebook.com\/karinibutiik.ee","https:\/\/www.instagram.com\/karinibutiik"]}]},"og_availability":"instock","product_availability":"instock","product_retailer_item_id":"3316","product_condition":"new"},"_links":{"self":[{"href":"https:\/\/www.karinibutiik.ee\/lt\/wp-json\/wp\/v2\/product\/29102","targetHints":{"allow":["GET"]}}],"collection":[{"href":"https:\/\/www.karinibutiik.ee\/lt\/wp-json\/wp\/v2\/product"}],"about":[{"href":"https:\/\/www.karinibutiik.ee\/lt\/wp-json\/wp\/v2\/types\/product"}],"version-history":[{"count":1,"href":"https:\/\/www.karinibutiik.ee\/lt\/wp-json\/wp\/v2\/product\/29102\/revisions"}],"predecessor-version":[{"id":29106,"href":"https:\/\/www.karinibutiik.ee\/lt\/wp-json\/wp\/v2\/product\/29102\/revisions\/29106"}],"wp:featuredmedia":[{"embeddable":true,"href":"https:\/\/www.karinibutiik.ee\/lt\/wp-json\/wp\/v2\/media\/29100"}],"wp:attachment":[{"href":"https:\/\/www.karinibutiik.ee\/lt\/wp-json\/wp\/v2\/media?parent=29102"}],"wp:term":[{"taxonomy":"product_brand","embeddable":true,"href":"https:\/\/www.karinibutiik.ee\/lt\/wp-json\/wp\/v2\/product_brand?post=29102"},{"taxonomy":"product_cat","embeddable":true,"href":"https:\/\/www.karinibutiik.ee\/lt\/wp-json\/wp\/v2\/product_cat?post=29102"},{"taxonomy":"product_tag","embeddable":true,"href":"https:\/\/www.karinibutiik.ee\/lt\/wp-json\/wp\/v2\/product_tag?post=29102"}],"curies":[{"name":"wp","href":"https:\/\/api.w.org\/{rel}","templated":true}]}}