{"id":25220,"date":"2025-11-21T16:39:32","date_gmt":"2025-11-21T14:39:32","guid":{"rendered":"https:\/\/www.karinibutiik.ee\/?post_type=product&#038;p=25220"},"modified":"2026-07-26T13:25:56","modified_gmt":"2026-07-26T10:25:56","slug":"kleita-ar-matetiem-rakstiem","status":"publish","type":"product","link":"https:\/\/www.karinibutiik.ee\/lv\/toode\/litterkleit-mattide-litritega\/","title":{"rendered":"Kleita ar mat\u0113tiem rakstiem"},"content":{"rendered":"<p data-start=\"246\" data-end=\"516\">Eleganti mirdzo\u0161\u0101 mini garuma kleita ir p\u0101rkl\u0101ta ar mat\u0113tiem paillet\u0113m, kas rada maig\u0101ku un grezn\u0101ku sp\u012bdumu. Kleita ir izgatavota no \u0113rtas un elast\u012bgas auduma un apr\u012bkota ar iek\u0161\u0113jo oderi, kas nodro\u0161ina komfortu un skaistu piegulumu vis\u0101 valk\u0101\u0161anas laik\u0101.<\/p>\n<p data-start=\"518\" data-end=\"782\">Dizainu papildina viegli piegriezts viduklis un plecu polsteri, kas \u0137ermenim pie\u0161\u0137ir skaistas proporcijas un izsmalcin\u0101tas l\u012bnijas. Lai gan kleita ir bez piedurkn\u0113m, t\u0101s aug\u0161da\u013ca ir plat\u0101ka, kas skaisti nosedz plecus un padara modeli elegantu un \u0113rti valk\u0101jamu.<\/p>\n<p data-start=\"784\" data-end=\"869\">Pieejami tr\u012bs stil\u012bgi to\u0146i: melns, bordo un br\u016bns. Izm\u0113ri S, M un L.<\/p>\n<p data-start=\"871\" data-end=\"994\">Ide\u0101li piem\u0113rots ball\u0113m, sv\u0113tku sezonai, svin\u012bgiem pas\u0101kumiem un ikvienam br\u012bdim, kad v\u0113lies vienlaikus izcelties un justies \u0113rti.<\/p>","protected":false},"excerpt":{"rendered":"<p>Elegantselt s\u00e4delev mini pikkuses litterkleit on kaetud mattide litritega, mis loovad pehmema ja luksusliku l\u00e4ike. Kleit on valmistatud mugavast ja [&hellip;]<\/p>\n","protected":false},"featured_media":25218,"template":"","meta":{"site-sidebar-layout":"default","site-content-layout":"","ast-site-content-layout":"default","site-content-style":"default","site-sidebar-style":"default","ast-global-header-display":"","ast-banner-title-visibility":"","ast-main-header-display":"","ast-hfb-above-header-display":"","ast-hfb-below-header-display":"","ast-hfb-mobile-header-display":"","site-post-title":"","ast-breadcrumbs-content":"","ast-featured-img":"","footer-sml-layout":"","ast-disable-related-posts":"","theme-transparent-header-meta":"default","adv-header-id-meta":"","stick-header-meta":"default","header-above-stick-meta":"","header-main-stick-meta":"","header-below-stick-meta":"","astra-migrate-meta-layouts":"set","ast-page-background-enabled":"default","ast-page-background-meta":{"desktop":{"background-color":"var(--ast-global-color-4)","background-image":"","background-repeat":"repeat","background-position":"center center","background-size":"auto","background-attachment":"scroll","background-type":"","background-media":"","overlay-type":"","overlay-color":"","overlay-opacity":"","overlay-gradient":""},"tablet":{"background-color":"","background-image":"","background-repeat":"repeat","background-position":"center center","background-size":"auto","background-attachment":"scroll","background-type":"","background-media":"","overlay-type":"","overlay-color":"","overlay-opacity":"","overlay-gradient":""},"mobile":{"background-color":"","background-image":"","background-repeat":"repeat","background-position":"center center","background-size":"auto","background-attachment":"scroll","background-type":"","background-media":"","overlay-type":"","overlay-color":"","overlay-opacity":"","overlay-gradient":""}},"ast-content-background-meta":{"desktop":{"background-color":"var(--ast-global-color-5)","background-image":"","background-repeat":"repeat","background-position":"center center","background-size":"auto","background-attachment":"scroll","background-type":"","background-media":"","overlay-type":"","overlay-color":"","overlay-opacity":"","overlay-gradient":""},"tablet":{"background-color":"var(--ast-global-color-5)","background-image":"","background-repeat":"repeat","background-position":"center center","background-size":"auto","background-attachment":"scroll","background-type":"","background-media":"","overlay-type":"","overlay-color":"","overlay-opacity":"","overlay-gradient":""},"mobile":{"background-color":"var(--ast-global-color-5)","background-image":"","background-repeat":"repeat","background-position":"center center","background-size":"auto","background-attachment":"scroll","background-type":"","background-media":"","overlay-type":"","overlay-color":"","overlay-opacity":"","overlay-gradient":""}}},"product_brand":[],"product_cat":[367,347,377,364,346],"product_tag":[2286,637,2283,2282,901,1593,2273,1094,2284,1618,738,2287,2288,2285,1436],"class_list":["post-25220","product","type-product","status-publish","has-post-thumbnail","product_cat-allahindlus","product_cat-kleidid","product_cat-litter-ja-glitterkleidid","product_cat-minikleidid","product_cat-naised","product_tag-bordoo-litterkleit","product_tag-litterkleit","product_tag-mattide-litritega-kleit","product_tag-mini-litterkleit","product_tag-must-litterkleit","product_tag-naiste-kleit","product_tag-naistemood","product_tag-ohtukleit","product_tag-olapadjadega-kleit","product_tag-peokleit","product_tag-pidulik-kleit","product_tag-pruun-litterkleit","product_tag-puhadekleit","product_tag-taljesse-kleit","product_tag-voodriga-kleit","desktop-align-center","tablet-align-center","mobile-align-center","ast-product-gallery-layout-horizontal-slider","ast-product-single-variable","ast-product-tabs-layout-horizontal","first","instock","sale","taxable","shipping-taxable","purchasable","product-type-variable"],"supplier_id":null,"supplier_sku":"","barcode":null,"atum_controlled":true,"out_stock_date":null,"out_stock_threshold":null,"inheritable":true,"inbound_stock":null,"stock_on_hold":0,"sold_today":0,"sales_last_days":1,"reserved_stock":0,"customer_returns":null,"warehouse_damage":0,"lost_in_post":null,"other_logs":0,"out_stock_days":null,"lost_sales":0,"has_location":false,"update_date":"2026-07-26T10:25:57","atum_locations":[],"atum_stock_status":"instock","restock_status":false,"low_stock_amount":"","sales_update_date":"2025-12-05T12:49:40","calc_backorders":null,"yoast_head":"<!-- This site is optimized with the Yoast SEO plugin v28.2 - https:\/\/yoast.com\/product\/yoast-seo-wordpress\/ -->\n<title>Litterkleit mattide litritega - Karini Butiik<\/title>\n<meta name=\"description\" content=\"Mini litterkleit mattide litritega, sisevoodriga ja taljesse l\u00f5ikega. \u00d5lapadjad ja lai \u00fclaosa, mis katab \u00f5lad. Saadaval must, bordoo ja pruun toon.\" \/>\n<meta name=\"robots\" content=\"index, follow, max-snippet:-1, max-image-preview:large, max-video-preview:-1\" \/>\n<link rel=\"canonical\" href=\"https:\/\/www.karinibutiik.ee\/lv\/produkts\/kleita-ar-matetiem-rakstiem\/\" \/>\n<meta property=\"og:locale\" content=\"lv_LV\" \/>\n<meta property=\"og:type\" content=\"article\" \/>\n<meta property=\"og:title\" content=\"Litterkleit mattide litritega - Karini Butiik\" \/>\n<meta property=\"og:description\" content=\"Mini litterkleit mattide litritega, sisevoodriga ja taljesse l\u00f5ikega. \u00d5lapadjad ja lai \u00fclaosa, mis katab \u00f5lad. Saadaval must, bordoo ja pruun toon.\" \/>\n<meta property=\"og:url\" content=\"https:\/\/www.karinibutiik.ee\/lv\/produkts\/kleita-ar-matetiem-rakstiem\/\" \/>\n<meta property=\"og:site_name\" content=\"Karini Butiik\" \/>\n<meta property=\"article:publisher\" content=\"https:\/\/www.facebook.com\/karinibutiik.ee\" \/>\n<meta property=\"article:modified_time\" content=\"2026-07-26T10:25:56+00:00\" \/>\n<meta property=\"og:image\" content=\"https:\/\/www.karinibutiik.ee\/wp-content\/uploads\/2025\/11\/5AFAC56B-C334-44DE-83C4-5BA81F46C45C-scaled.jpeg\" \/>\n\t<meta property=\"og:image:width\" content=\"1897\" \/>\n\t<meta property=\"og:image:height\" content=\"2560\" \/>\n\t<meta property=\"og:image:type\" content=\"image\/jpeg\" \/>\n<meta name=\"twitter:card\" content=\"summary_large_image\" \/>\n<meta name=\"twitter:label1\" content=\"Availability\" \/>\n\t<meta name=\"twitter:data1\" content=\"In stock\" \/>\n<script type=\"application\/ld+json\" class=\"yoast-schema-graph\">{\"@context\":\"https:\\\/\\\/schema.org\",\"@graph\":[{\"@type\":\"WebPage\",\"@id\":\"https:\\\/\\\/www.karinibutiik.ee\\\/toode\\\/litterkleit-mattide-litritega\\\/\",\"url\":\"https:\\\/\\\/www.karinibutiik.ee\\\/toode\\\/litterkleit-mattide-litritega\\\/\",\"name\":\"Litterkleit mattide litritega - Karini Butiik\",\"isPartOf\":{\"@id\":\"https:\\\/\\\/www.karinibutiik.ee\\\/#website\"},\"primaryImageOfPage\":{\"@id\":\"https:\\\/\\\/www.karinibutiik.ee\\\/toode\\\/litterkleit-mattide-litritega\\\/#primaryimage\"},\"image\":{\"@id\":\"https:\\\/\\\/www.karinibutiik.ee\\\/toode\\\/litterkleit-mattide-litritega\\\/#primaryimage\"},\"thumbnailUrl\":\"https:\\\/\\\/www.karinibutiik.ee\\\/wp-content\\\/uploads\\\/2025\\\/11\\\/5AFAC56B-C334-44DE-83C4-5BA81F46C45C-scaled.jpeg\",\"datePublished\":\"2025-11-21T14:39:32+00:00\",\"dateModified\":\"2026-07-26T10:25:56+00:00\",\"description\":\"Mini litterkleit mattide litritega, sisevoodriga ja taljesse l\u00f5ikega. \u00d5lapadjad ja lai \u00fclaosa, mis katab \u00f5lad. Saadaval must, bordoo ja pruun toon.\",\"breadcrumb\":{\"@id\":\"https:\\\/\\\/www.karinibutiik.ee\\\/toode\\\/litterkleit-mattide-litritega\\\/#breadcrumb\"},\"inLanguage\":\"lv-LV\",\"potentialAction\":[{\"@type\":\"ReadAction\",\"target\":[\"https:\\\/\\\/www.karinibutiik.ee\\\/toode\\\/litterkleit-mattide-litritega\\\/\"]}]},{\"@type\":\"ImageObject\",\"inLanguage\":\"lv-LV\",\"@id\":\"https:\\\/\\\/www.karinibutiik.ee\\\/toode\\\/litterkleit-mattide-litritega\\\/#primaryimage\",\"url\":\"https:\\\/\\\/www.karinibutiik.ee\\\/wp-content\\\/uploads\\\/2025\\\/11\\\/5AFAC56B-C334-44DE-83C4-5BA81F46C45C-scaled.jpeg\",\"contentUrl\":\"https:\\\/\\\/www.karinibutiik.ee\\\/wp-content\\\/uploads\\\/2025\\\/11\\\/5AFAC56B-C334-44DE-83C4-5BA81F46C45C-scaled.jpeg\",\"width\":1897,\"height\":2560,\"caption\":\"Mini pikkuses mattide litritega litterkleit taljesse l\u00f5ike ja \u00f5lapatjadega, mustas, bordoo v\u00f5i pruunis toonis\"},{\"@type\":\"BreadcrumbList\",\"@id\":\"https:\\\/\\\/www.karinibutiik.ee\\\/toode\\\/litterkleit-mattide-litritega\\\/#breadcrumb\",\"itemListElement\":[{\"@type\":\"ListItem\",\"position\":1,\"name\":\"Home\",\"item\":\"https:\\\/\\\/www.karinibutiik.ee\\\/\"},{\"@type\":\"ListItem\",\"position\":2,\"name\":\"Pood\",\"item\":\"https:\\\/\\\/www.karinibutiik.ee\\\/pood\\\/\"},{\"@type\":\"ListItem\",\"position\":3,\"name\":\"Litterkleit mattide litritega\"}]},{\"@type\":\"WebSite\",\"@id\":\"https:\\\/\\\/www.karinibutiik.ee\\\/#website\",\"url\":\"https:\\\/\\\/www.karinibutiik.ee\\\/\",\"name\":\"Karini Butiik\",\"description\":\"\",\"publisher\":{\"@id\":\"https:\\\/\\\/www.karinibutiik.ee\\\/#organization\"},\"potentialAction\":[{\"@type\":\"SearchAction\",\"target\":{\"@type\":\"EntryPoint\",\"urlTemplate\":\"https:\\\/\\\/www.karinibutiik.ee\\\/?s={search_term_string}\"},\"query-input\":{\"@type\":\"PropertyValueSpecification\",\"valueRequired\":true,\"valueName\":\"search_term_string\"}}],\"inLanguage\":\"lv-LV\"},{\"@type\":\"Organization\",\"@id\":\"https:\\\/\\\/www.karinibutiik.ee\\\/#organization\",\"name\":\"Karini Butiik\",\"url\":\"https:\\\/\\\/www.karinibutiik.ee\\\/\",\"logo\":{\"@type\":\"ImageObject\",\"inLanguage\":\"lv-LV\",\"@id\":\"https:\\\/\\\/www.karinibutiik.ee\\\/#\\\/schema\\\/logo\\\/image\\\/\",\"url\":\"https:\\\/\\\/www.karinibutiik.ee\\\/wp-content\\\/uploads\\\/2024\\\/10\\\/Kuj.-K-koopia-e1729849220884.png\",\"contentUrl\":\"https:\\\/\\\/www.karinibutiik.ee\\\/wp-content\\\/uploads\\\/2024\\\/10\\\/Kuj.-K-koopia-e1729849220884.png\",\"width\":500,\"height\":365,\"caption\":\"Karini Butiik\"},\"image\":{\"@id\":\"https:\\\/\\\/www.karinibutiik.ee\\\/#\\\/schema\\\/logo\\\/image\\\/\"},\"sameAs\":[\"https:\\\/\\\/www.facebook.com\\\/karinibutiik.ee\",\"https:\\\/\\\/www.instagram.com\\\/karinibutiik\"]}]}<\/script>\n<meta property=\"og:availability\" content=\"instock\" \/>\n<meta property=\"product:availability\" content=\"instock\" \/>\n<meta property=\"product:retailer_item_id\" content=\"1272\" \/>\n<meta property=\"product:condition\" content=\"new\" \/>\n<!-- \/ Yoast SEO plugin. -->","yoast_head_json":{"title":"Kleita ar mat\u0113tiem rakstiem \u2013 Karini Butiik","description":"Mini kleita ar mat\u0113tiem vol\u0101niem, iek\u0161\u0113jo oderi un piegriezumu pie viduk\u013ca. Plecu polster\u0113jums un pla\u0161a aug\u0161da\u013ca, kas sedz plecus. Pieejama meln\u0101, bordo un br\u016bn\u0101 kr\u0101s\u0101.","robots":{"index":"index","follow":"follow","max-snippet":"max-snippet:-1","max-image-preview":"max-image-preview:large","max-video-preview":"max-video-preview:-1"},"canonical":"https:\/\/www.karinibutiik.ee\/lv\/produkts\/kleita-ar-matetiem-rakstiem\/","og_locale":"lv_LV","og_type":"article","og_title":"Litterkleit mattide litritega - Karini Butiik","og_description":"Mini litterkleit mattide litritega, sisevoodriga ja taljesse l\u00f5ikega. \u00d5lapadjad ja lai \u00fclaosa, mis katab \u00f5lad. Saadaval must, bordoo ja pruun toon.","og_url":"https:\/\/www.karinibutiik.ee\/lv\/produkts\/kleita-ar-matetiem-rakstiem\/","og_site_name":"Karini Butiik","article_publisher":"https:\/\/www.facebook.com\/karinibutiik.ee","article_modified_time":"2026-07-26T10:25:56+00:00","og_image":[{"width":1897,"height":2560,"url":"https:\/\/www.karinibutiik.ee\/wp-content\/uploads\/2025\/11\/5AFAC56B-C334-44DE-83C4-5BA81F46C45C-scaled.jpeg","type":"image\/jpeg"}],"twitter_card":"summary_large_image","twitter_misc":{"Availability":"In stock"},"schema":{"@context":"https:\/\/schema.org","@graph":[{"@type":"WebPage","@id":"https:\/\/www.karinibutiik.ee\/toode\/litterkleit-mattide-litritega\/","url":"https:\/\/www.karinibutiik.ee\/toode\/litterkleit-mattide-litritega\/","name":"Kleita ar mat\u0113tiem rakstiem \u2013 Karini Butiik","isPartOf":{"@id":"https:\/\/www.karinibutiik.ee\/#website"},"primaryImageOfPage":{"@id":"https:\/\/www.karinibutiik.ee\/toode\/litterkleit-mattide-litritega\/#primaryimage"},"image":{"@id":"https:\/\/www.karinibutiik.ee\/toode\/litterkleit-mattide-litritega\/#primaryimage"},"thumbnailUrl":"https:\/\/www.karinibutiik.ee\/wp-content\/uploads\/2025\/11\/5AFAC56B-C334-44DE-83C4-5BA81F46C45C-scaled.jpeg","datePublished":"2025-11-21T14:39:32+00:00","dateModified":"2026-07-26T10:25:56+00:00","description":"Mini kleita ar mat\u0113tiem vol\u0101niem, iek\u0161\u0113jo oderi un piegriezumu pie viduk\u013ca. Plecu polster\u0113jums un pla\u0161a aug\u0161da\u013ca, kas sedz plecus. Pieejama meln\u0101, bordo un br\u016bn\u0101 kr\u0101s\u0101.","breadcrumb":{"@id":"https:\/\/www.karinibutiik.ee\/toode\/litterkleit-mattide-litritega\/#breadcrumb"},"inLanguage":"lv-LV","potentialAction":[{"@type":"ReadAction","target":["https:\/\/www.karinibutiik.ee\/toode\/litterkleit-mattide-litritega\/"]}]},{"@type":"ImageObject","inLanguage":"lv-LV","@id":"https:\/\/www.karinibutiik.ee\/toode\/litterkleit-mattide-litritega\/#primaryimage","url":"https:\/\/www.karinibutiik.ee\/wp-content\/uploads\/2025\/11\/5AFAC56B-C334-44DE-83C4-5BA81F46C45C-scaled.jpeg","contentUrl":"https:\/\/www.karinibutiik.ee\/wp-content\/uploads\/2025\/11\/5AFAC56B-C334-44DE-83C4-5BA81F46C45C-scaled.jpeg","width":1897,"height":2560,"caption":"Mini pikkuses mattide litritega litterkleit taljesse l\u00f5ike ja \u00f5lapatjadega, mustas, bordoo v\u00f5i pruunis toonis"},{"@type":"BreadcrumbList","@id":"https:\/\/www.karinibutiik.ee\/toode\/litterkleit-mattide-litritega\/#breadcrumb","itemListElement":[{"@type":"ListItem","position":1,"name":"Home","item":"https:\/\/www.karinibutiik.ee\/"},{"@type":"ListItem","position":2,"name":"Pood","item":"https:\/\/www.karinibutiik.ee\/pood\/"},{"@type":"ListItem","position":3,"name":"Litterkleit mattide litritega"}]},{"@type":"WebSite","@id":"https:\/\/www.karinibutiik.ee\/#website","url":"https:\/\/www.karinibutiik.ee\/","name":"Karini Butiik","description":"","publisher":{"@id":"https:\/\/www.karinibutiik.ee\/#organization"},"potentialAction":[{"@type":"SearchAction","target":{"@type":"EntryPoint","urlTemplate":"https:\/\/www.karinibutiik.ee\/?s={search_term_string}"},"query-input":{"@type":"PropertyValueSpecification","valueRequired":true,"valueName":"search_term_string"}}],"inLanguage":"lv-LV"},{"@type":"Organization","@id":"https:\/\/www.karinibutiik.ee\/#organization","name":"Karini Butiik","url":"https:\/\/www.karinibutiik.ee\/","logo":{"@type":"ImageObject","inLanguage":"lv-LV","@id":"https:\/\/www.karinibutiik.ee\/#\/schema\/logo\/image\/","url":"https:\/\/www.karinibutiik.ee\/wp-content\/uploads\/2024\/10\/Kuj.-K-koopia-e1729849220884.png","contentUrl":"https:\/\/www.karinibutiik.ee\/wp-content\/uploads\/2024\/10\/Kuj.-K-koopia-e1729849220884.png","width":500,"height":365,"caption":"Karini Butiik"},"image":{"@id":"https:\/\/www.karinibutiik.ee\/#\/schema\/logo\/image\/"},"sameAs":["https:\/\/www.facebook.com\/karinibutiik.ee","https:\/\/www.instagram.com\/karinibutiik"]}]},"og_availability":"instock","product_availability":"instock","product_retailer_item_id":"1272","product_condition":"new"},"_links":{"self":[{"href":"https:\/\/www.karinibutiik.ee\/lv\/wp-json\/wp\/v2\/product\/25220","targetHints":{"allow":["GET"]}}],"collection":[{"href":"https:\/\/www.karinibutiik.ee\/lv\/wp-json\/wp\/v2\/product"}],"about":[{"href":"https:\/\/www.karinibutiik.ee\/lv\/wp-json\/wp\/v2\/types\/product"}],"version-history":[{"count":1,"href":"https:\/\/www.karinibutiik.ee\/lv\/wp-json\/wp\/v2\/product\/25220\/revisions"}],"predecessor-version":[{"id":25231,"href":"https:\/\/www.karinibutiik.ee\/lv\/wp-json\/wp\/v2\/product\/25220\/revisions\/25231"}],"wp:featuredmedia":[{"embeddable":true,"href":"https:\/\/www.karinibutiik.ee\/lv\/wp-json\/wp\/v2\/media\/25218"}],"wp:attachment":[{"href":"https:\/\/www.karinibutiik.ee\/lv\/wp-json\/wp\/v2\/media?parent=25220"}],"wp:term":[{"taxonomy":"product_brand","embeddable":true,"href":"https:\/\/www.karinibutiik.ee\/lv\/wp-json\/wp\/v2\/product_brand?post=25220"},{"taxonomy":"product_cat","embeddable":true,"href":"https:\/\/www.karinibutiik.ee\/lv\/wp-json\/wp\/v2\/product_cat?post=25220"},{"taxonomy":"product_tag","embeddable":true,"href":"https:\/\/www.karinibutiik.ee\/lv\/wp-json\/wp\/v2\/product_tag?post=25220"}],"curies":[{"name":"wp","href":"https:\/\/api.w.org\/{rel}","templated":true}]}}